{"id":60,"date":"2018-08-13T15:18:17","date_gmt":"2018-08-13T15:18:17","guid":{"rendered":"http:\/\/wordpress.photo-becker.de\/?page_id=60"},"modified":"2018-08-13T15:38:26","modified_gmt":"2018-08-13T15:38:26","slug":"portraetfotografie","status":"publish","type":"page","link":"https:\/\/photo-becker.de\/?page_id=60","title":{"rendered":"Portr\u00e4tfotografie"},"content":{"rendered":"<p><strong>Portr\u00e4tfotografie\u00a0<\/strong><\/p>\n<p>Sie h\u00e4tten gerne ein besonders Bild von Ihrem Kind, von sich als Paar oder von sich ganz alleine? Dann biete ich Ihnen kreative Portr\u00e4ts, die mit Zeit und Liebe zum Detail, gerne auch an spannenden und individuellen Orten, aufgenommen werden. Wenn Sie w\u00fcnschen nehme ich Sie oder Ihre Kinder in Momenten auf, in denen Sie sich unbeobachtet f\u00fchlen, denn so entstehen die sch\u00f6nsten Fotos. Um dies zu erm\u00f6glichen arbeite ich mit sehr lichtstarken Objektiven mit gro\u00dfen Brennweiten.<\/p>\n<p>F\u00fcr Ihre individuellen Selbstportr\u00e4ts, Kinderbilder, Paarfotos, Verlobungsbilder oder Hochzeitsportr\u00e4ts, sprechen Sie mich an, wir entwickeln zusammen ein zu Ihnen passendes und stimmiges Konzept.<\/p>\n","protected":false},"excerpt":{"rendered":"<p>Portr\u00e4tfotografie\u00a0 Sie h\u00e4tten gerne ein besonders Bild von Ihrem Kind, von sich als Paar oder von sich ganz alleine? Dann biete ich Ihnen kreative Portr\u00e4ts, die mit Zeit und Liebe zum Detail, gerne auch an spannenden und individuellen Orten, aufgenommen werden. Wenn Sie w\u00fcnschen nehme ich Sie oder Ihre Kinder in Momenten auf, in denen &hellip; <\/p>\n<p class=\"link-more\"><a href=\"https:\/\/photo-becker.de\/?page_id=60\" class=\"more-link\"><span class=\"screen-reader-text\">\u201ePortr\u00e4tfotografie\u201c<\/span> weiterlesen<\/a><\/p>\n","protected":false},"author":2,"featured_media":36,"parent":0,"menu_order":0,"comment_status":"closed","ping_status":"closed","template":"","meta":{"footnotes":""},"class_list":["post-60","page","type-page","status-publish","has-post-thumbnail","hentry"],"_links":{"self":[{"href":"https:\/\/photo-becker.de\/index.php?rest_route=\/wp\/v2\/pages\/60","targetHints":{"allow":["GET"]}}],"collection":[{"href":"https:\/\/photo-becker.de\/index.php?rest_route=\/wp\/v2\/pages"}],"about":[{"href":"https:\/\/photo-becker.de\/index.php?rest_route=\/wp\/v2\/types\/page"}],"author":[{"embeddable":true,"href":"https:\/\/photo-becker.de\/index.php?rest_route=\/wp\/v2\/users\/2"}],"replies":[{"embeddable":true,"href":"https:\/\/photo-becker.de\/index.php?rest_route=%2Fwp%2Fv2%2Fcomments&post=60"}],"version-history":[{"count":4,"href":"https:\/\/photo-becker.de\/index.php?rest_route=\/wp\/v2\/pages\/60\/revisions"}],"predecessor-version":[{"id":73,"href":"https:\/\/photo-becker.de\/index.php?rest_route=\/wp\/v2\/pages\/60\/revisions\/73"}],"wp:featuredmedia":[{"embeddable":true,"href":"https:\/\/photo-becker.de\/index.php?rest_route=\/wp\/v2\/media\/36"}],"wp:attachment":[{"href":"https:\/\/photo-becker.de\/index.php?rest_route=%2Fwp%2Fv2%2Fmedia&parent=60"}],"curies":[{"name":"wp","href":"https:\/\/api.w.org\/{rel}","templated":true}]}}